{"id":11531,"date":"2025-03-25T11:44:51","date_gmt":"2025-03-25T14:44:51","guid":{"rendered":"https:\/\/www.giselagarciagleria.com.ar\/?post_type=project&#038;p=11531"},"modified":"2025-03-25T11:49:04","modified_gmt":"2025-03-25T14:49:04","slug":"el-trago-de-sol-naciente","status":"publish","type":"project","link":"https:\/\/www.giselagarciagleria.com.ar\/en\/project\/el-trago-de-sol-naciente\/","title":{"rendered":"The dram of rising sun"},"content":{"rendered":"<p>[et_pb_section fb_built=\u00bb1&#8243; inner_shadow=\u00bbon\u00bb _builder_version=\u00bb4.16&#8243; custom_padding=\u00bb15px|0px|0|0px|false|false\u00bb box_shadow_style=\u00bbpreset6&#8243; global_colors_info=\u00bb{}\u00bb][et_pb_row _builder_version=\u00bb4.16&#8243; custom_padding=\u00bb0|0px|23px|0px|false|false\u00bb global_colors_info=\u00bb{}\u00bb][et_pb_column type=\u00bb4_4&#8243; _builder_version=\u00bb4.16&#8243; custom_padding=\u00bb|||\u00bb global_colors_info=\u00bb{}\u00bb custom_padding__hover=\u00bb|||\u00bb][et_pb_post_nav in_same_term=\u00bbon\u00bb prev_text=\u00bbANTERIOR\u00bb next_text=\u00bbSIGUIENTE\u00bb _builder_version=\u00bb4.16&#8243; title_font=\u00bb|600|||||||\u00bb title_font_size_tablet=\u00bb\u00bb title_font_size_phone=\u00bb12px\u00bb title_font_size_last_edited=\u00bbon|desktop\u00bb global_colors_info=\u00bb{}\u00bb][\/et_pb_post_nav][\/et_pb_column][\/et_pb_row][et_pb_row _builder_version=\u00bb4.16&#8243; custom_padding=\u00bb38.05px|0px|0|0px|false|false\u00bb global_colors_info=\u00bb{}\u00bb][et_pb_column type=\u00bb4_4&#8243; _builder_version=\u00bb4.16&#8243; custom_padding=\u00bb|||\u00bb global_colors_info=\u00bb{}\u00bb custom_padding__hover=\u00bb|||\u00bb][et_pb_post_title meta=\u00bboff\u00bb featured_image=\u00bboff\u00bb _builder_version=\u00bb4.16&#8243; title_font=\u00bb|600|||||||\u00bb title_text_color=\u00bb#a5457f\u00bb title_font_size=\u00bb30px\u00bb title_font_size_tablet=\u00bb24px\u00bb title_font_size_phone=\u00bb22px\u00bb title_font_size_last_edited=\u00bbon|phone\u00bb title_text_shadow_style=\u00bbpreset2&#8243; global_colors_info=\u00bb{}\u00bb][\/et_pb_post_title][\/et_pb_column][\/et_pb_row][et_pb_row column_structure=\u00bb1_2,1_2&#8243; _builder_version=\u00bb4.16&#8243; custom_padding=\u00bb38.05px|0px|60px|0px|false|false\u00bb global_colors_info=\u00bb{}\u00bb][et_pb_column type=\u00bb1_2&#8243; _builder_version=\u00bb4.16&#8243; custom_padding=\u00bb|||\u00bb global_colors_info=\u00bb{}\u00bb custom_padding__hover=\u00bb|||\u00bb][et_pb_image src=\u00bbhttps:\/\/www.giselagarciagleria.com.ar\/wp-content\/uploads\/2025\/03\/El-trago-de-sol-naciente.jpg\u00bb alt=\u00bbEl trago de sol naciente by Gisela Garcia Gleria\u00bb title_text=\u00bbEl trago de sol naciente by Gisela Garcia Gleria\u00bb align_tablet=\u00bbcenter\u00bb align_phone=\u00bb\u00bb align_last_edited=\u00bbon|desktop\u00bb _builder_version=\u00bb4.27.4&#8243; max_width=\u00bb80%\u00bb max_width_tablet=\u00bb\u00bb max_width_phone=\u00bb\u00bb max_width_last_edited=\u00bbon|desktop\u00bb module_alignment=\u00bbleft\u00bb hover_enabled=\u00bb0&#8243; box_shadow_style=\u00bbpreset3&#8243; box_shadow_vertical=\u00bb16px\u00bb box_shadow_blur=\u00bb8px\u00bb global_colors_info=\u00bb{}\u00bb sticky_enabled=\u00bb0&#8243;][\/et_pb_image][\/et_pb_column][et_pb_column type=\u00bb1_2&#8243; _builder_version=\u00bb4.16&#8243; custom_padding=\u00bb|||\u00bb global_colors_info=\u00bb{}\u00bb custom_padding__hover=\u00bb|||\u00bb][et_pb_text _builder_version=\u00bb4.27.4&#8243; text_font=\u00bb||||||||\u00bb text_text_color=\u00bb#000000&#8243; text_font_size=\u00bb16px\u00bb header_font=\u00bb||||||||\u00bb header_text_color=\u00bb#0c71c3&#8243; header_3_font=\u00bb||||||||\u00bb header_3_text_color=\u00bb#236193&#8243; header_5_font=\u00bb||||||||\u00bb header_5_text_color=\u00bb#236193&#8243; hover_enabled=\u00bb0&#8243; text_font_size_tablet=\u00bb16px\u00bb text_font_size_phone=\u00bb14px\u00bb text_font_size_last_edited=\u00bbon|desktop\u00bb text_line_height_tablet=\u00bb\u00bb text_line_height_phone=\u00bb1.4em\u00bb text_line_height_last_edited=\u00bbon|phone\u00bb header_3_font_size_tablet=\u00bb20px\u00bb header_3_font_size_phone=\u00bb\u00bb header_3_font_size_last_edited=\u00bbon|phone\u00bb header_5_font_size_tablet=\u00bb\u00bb header_5_font_size_phone=\u00bb12px\u00bb header_5_font_size_last_edited=\u00bbon|phone\u00bb header_5_line_height_tablet=\u00bb\u00bb header_5_line_height_phone=\u00bb\u00bb header_5_line_height_last_edited=\u00bbon|phone\u00bb global_colors_info=\u00bb{}\u00bb sticky_enabled=\u00bb0&#8243;]<\/p>\n<h5>Serie: Mundo del Whisky<\/h5>\n<h5>T\u00e9cnica: Acr\u00edlico sobre tela<\/h5>\n<h5>Medidas: 30 x 30 cm<\/h5>\n<h5>A\u00f1o: 2025<\/h5>\n<h4><\/h4>\n<p>[\/et_pb_text][et_pb_text _builder_version=\u00bb4.27.4&#8243; text_font=\u00bb||||||||\u00bb text_text_color=\u00bb#000000&#8243; text_font_size=\u00bb16px\u00bb header_font=\u00bb||||||||\u00bb header_text_color=\u00bb#0c71c3&#8243; header_3_font=\u00bb||||||||\u00bb header_3_text_color=\u00bb#236193&#8243; header_5_font=\u00bb||||||||\u00bb header_5_text_color=\u00bb#236193&#8243; custom_padding=\u00bb3px|||||\u00bb hover_enabled=\u00bb0&#8243; text_font_size_tablet=\u00bb16px\u00bb text_font_size_phone=\u00bb14px\u00bb text_font_size_last_edited=\u00bbon|desktop\u00bb text_line_height_tablet=\u00bb\u00bb text_line_height_phone=\u00bb1.4em\u00bb text_line_height_last_edited=\u00bbon|phone\u00bb header_3_font_size_tablet=\u00bb20px\u00bb header_3_font_size_phone=\u00bb\u00bb header_3_font_size_last_edited=\u00bbon|phone\u00bb header_5_font_size_tablet=\u00bb\u00bb header_5_font_size_phone=\u00bb12px\u00bb header_5_font_size_last_edited=\u00bbon|phone\u00bb header_5_line_height_tablet=\u00bb\u00bb header_5_line_height_phone=\u00bb\u00bb header_5_line_height_last_edited=\u00bbon|phone\u00bb global_colors_info=\u00bb{}\u00bb sticky_enabled=\u00bb0&#8243;]<\/p>\n<p><em>Inspirado en una fotograf\u00eda de Gerry Fearon <a href=\"@thedramagram\">@thedramagram<\/a><\/em><\/p>\n<p>&nbsp;<\/p>\n<p>Cuando vi por primera vez la foto de @thedramagram que inspir\u00f3 mi cuadro, sent\u00ed una paz sobrecogedora.<\/p>\n<p>Como si el tiempo se hubiera detenido, convirtiendo en oro l\u00edquido un rayo de sol furtivo y atrap\u00e1ndolo en una copa Glencairn, en alg\u00fan solitario paraje.<\/p>\n<p>Pasaron varios a\u00f1os desde entonces, pero en mi memoria qued\u00f3 grabada la imagen que hoy se ha transformado en esta pintura.<\/p>\n<p>Gracias @thedramagram por haber tocado mi coraz\u00f3n con este bello instante de magia, ahora lleva una peque\u00f1a porci\u00f3n de mi alma tambi\u00e9n en el lienzo.<\/p>\n<p>[\/et_pb_text][et_pb_text _builder_version=\u00bb4.27.0&#8243; text_font=\u00bb||||||||\u00bb text_text_color=\u00bb#9b9b9b\u00bb custom_margin=\u00bb50px||\u00bb custom_margin_tablet=\u00bb30px||\u00bb custom_margin_phone=\u00bb\u00bb custom_margin_last_edited=\u00bbon|phone\u00bb link_option_url=\u00bbhttps:\/\/www.giselagarciagleria.com.ar\/mundo-del-whisky\/\u00bb locked=\u00bboff\u00bb global_colors_info=\u00bb{}\u00bb text_text_color__hover_enabled=\u00bbon\u00bb text_text_color__hover=\u00bb#e09900&#8243;]<\/p>\n<p><strong>&lt; Volver al CAT\u00c1LOGO<\/strong><\/p>\n<p>[\/et_pb_text][\/et_pb_column][\/et_pb_row][et_pb_row _builder_version=\u00bb4.16&#8243; custom_padding=\u00bb0|0px|23px|0px|false|false\u00bb locked=\u00bboff\u00bb global_colors_info=\u00bb{}\u00bb][et_pb_column type=\u00bb4_4&#8243; _builder_version=\u00bb4.16&#8243; custom_padding=\u00bb|||\u00bb global_colors_info=\u00bb{}\u00bb custom_padding__hover=\u00bb|||\u00bb][et_pb_post_nav in_same_term=\u00bbon\u00bb prev_text=\u00bbANTERIOR\u00bb next_text=\u00bbSIGUIENTE\u00bb _builder_version=\u00bb4.16&#8243; title_font=\u00bb|600|||||||\u00bb title_font_size_tablet=\u00bb\u00bb title_font_size_phone=\u00bb12px\u00bb title_font_size_last_edited=\u00bbon|desktop\u00bb global_colors_info=\u00bb{}\u00bb][\/et_pb_post_nav][\/et_pb_column][\/et_pb_row][\/et_pb_section]<\/p>\n","protected":false},"excerpt":{"rendered":"<p>Serie: Mundo del Whisky T\u00e9cnica: Acr\u00edlico sobre tela Medidas: 30 x 30 cm A\u00f1o: 2025 Inspirado en una fotograf\u00eda de Gerry Fearon @thedramagram &nbsp; Cuando vi por primera vez la foto de @thedramagram que inspir\u00f3 mi cuadro, sent\u00ed una paz sobrecogedora. Como si el tiempo se hubiera detenido, convirtiendo en oro l\u00edquido un rayo de [&hellip;]<\/p>\n","protected":false},"author":1,"featured_media":11533,"template":"","meta":{"_et_pb_use_builder":"on","_et_pb_old_content":"","_et_gb_content_width":"","footnotes":""},"project_category":[76],"project_tag":[],"class_list":["post-11531","project","type-project","status-publish","has-post-thumbnail","hentry","project_category-mundo-del-whisky"],"a3_pvc":{"activated":false,"total_views":2,"today_views":0},"_links":{"self":[{"href":"https:\/\/www.giselagarciagleria.com.ar\/en\/wp-json\/wp\/v2\/project\/11531","targetHints":{"allow":["GET"]}}],"collection":[{"href":"https:\/\/www.giselagarciagleria.com.ar\/en\/wp-json\/wp\/v2\/project"}],"about":[{"href":"https:\/\/www.giselagarciagleria.com.ar\/en\/wp-json\/wp\/v2\/types\/project"}],"author":[{"embeddable":true,"href":"https:\/\/www.giselagarciagleria.com.ar\/en\/wp-json\/wp\/v2\/users\/1"}],"version-history":[{"count":3,"href":"https:\/\/www.giselagarciagleria.com.ar\/en\/wp-json\/wp\/v2\/project\/11531\/revisions"}],"predecessor-version":[{"id":11536,"href":"https:\/\/www.giselagarciagleria.com.ar\/en\/wp-json\/wp\/v2\/project\/11531\/revisions\/11536"}],"wp:featuredmedia":[{"embeddable":true,"href":"https:\/\/www.giselagarciagleria.com.ar\/en\/wp-json\/wp\/v2\/media\/11533"}],"wp:attachment":[{"href":"https:\/\/www.giselagarciagleria.com.ar\/en\/wp-json\/wp\/v2\/media?parent=11531"}],"wp:term":[{"taxonomy":"project_category","embeddable":true,"href":"https:\/\/www.giselagarciagleria.com.ar\/en\/wp-json\/wp\/v2\/project_category?post=11531"},{"taxonomy":"project_tag","embeddable":true,"href":"https:\/\/www.giselagarciagleria.com.ar\/en\/wp-json\/wp\/v2\/project_tag?post=11531"}],"curies":[{"name":"wp","href":"https:\/\/api.w.org\/{rel}","templated":true}]}}