{"id":7951,"date":"2004-08-15T20:15:48","date_gmt":"2004-08-15T23:15:48","guid":{"rendered":"https:\/\/www.giselagarciagleria.com.ar\/?post_type=project&#038;p=7951"},"modified":"2021-01-04T15:21:04","modified_gmt":"2021-01-04T18:21:04","slug":"mascara-con-patina-de-piedra","status":"publish","type":"project","link":"https:\/\/www.giselagarciagleria.com.ar\/en\/project\/mascara-con-patina-de-piedra\/","title":{"rendered":"Mask with stone patina"},"content":{"rendered":"<p>[et_pb_section fb_built=\u00bb1&#8243; inner_shadow=\u00bbon\u00bb _builder_version=\u00bb3.22&#8243; custom_padding=\u00bb15px|0px|0|0px|false|false\u00bb box_shadow_style=\u00bbpreset6&#8243;][et_pb_row _builder_version=\u00bb3.25&#8243; custom_padding=\u00bb0|0px|23px|0px|false|false\u00bb][et_pb_column type=\u00bb4_4&#8243; _builder_version=\u00bb3.25&#8243; custom_padding=\u00bb|||\u00bb custom_padding__hover=\u00bb|||\u00bb][et_pb_post_nav in_same_term=\u00bbon\u00bb prev_text=\u00bbANTERIOR\u00bb next_text=\u00bbSIGUIENTE\u00bb _builder_version=\u00bb3.19.17&#8243; title_font=\u00bb|600|||||||\u00bb title_font_size_tablet=\u00bb\u00bb title_font_size_phone=\u00bb12px\u00bb title_font_size_last_edited=\u00bbon|desktop\u00bb][\/et_pb_post_nav][\/et_pb_column][\/et_pb_row][et_pb_row _builder_version=\u00bb3.25&#8243; custom_padding=\u00bb38.05px|0px|0|0px|false|false\u00bb][et_pb_column type=\u00bb4_4&#8243; _builder_version=\u00bb3.25&#8243; custom_padding=\u00bb|||\u00bb custom_padding__hover=\u00bb|||\u00bb][et_pb_post_title author=\u00bboff\u00bb date=\u00bboff\u00bb comments=\u00bboff\u00bb featured_image=\u00bboff\u00bb _builder_version=\u00bb3.19.17&#8243; title_font=\u00bb|600|||||||\u00bb title_text_color=\u00bb#a5457f\u00bb title_font_size=\u00bb30px\u00bb title_font_size_tablet=\u00bb24px\u00bb title_font_size_phone=\u00bb22px\u00bb title_font_size_last_edited=\u00bbon|phone\u00bb title_text_shadow_style=\u00bbpreset2&#8243;][\/et_pb_post_title][\/et_pb_column][\/et_pb_row][et_pb_row column_structure=\u00bb1_2,1_2&#8243; _builder_version=\u00bb4.5.3&#8243; module_alignment=\u00bbcenter\u00bb custom_padding=\u00bb38.05px|0px|60px|0px|false|false\u00bb][et_pb_column type=\u00bb1_2&#8243; _builder_version=\u00bb3.25&#8243; custom_padding=\u00bb|||\u00bb custom_padding__hover=\u00bb|||\u00bb][et_pb_gallery gallery_ids=\u00bb7903,7902,7904&#8243; fullwidth=\u00bbon\u00bb _builder_version=\u00bb4.5.6&#8243; _module_preset=\u00bbdefault\u00bb width=\u00bb65%\u00bb width_tablet=\u00bb\u00bb width_phone=\u00bb\u00bb width_last_edited=\u00bbon|tablet\u00bb module_alignment=\u00bbleft\u00bb module_alignment_tablet=\u00bb\u00bb module_alignment_phone=\u00bb\u00bb module_alignment_last_edited=\u00bbon|phone\u00bb box_shadow_style=\u00bbpreset3&#8243; box_shadow_blur=\u00bb9px\u00bb][\/et_pb_gallery][\/et_pb_column][et_pb_column type=\u00bb1_2&#8243; _builder_version=\u00bb3.25&#8243; custom_padding=\u00bb|||\u00bb custom_padding__hover=\u00bb|||\u00bb][et_pb_text _builder_version=\u00bb4.5.6&#8243; text_font=\u00bb||||||||\u00bb text_text_color=\u00bb#000000&#8243; text_font_size=\u00bb16px\u00bb header_font=\u00bb||||||||\u00bb header_text_color=\u00bb#0c71c3&#8243; header_3_font=\u00bb||||||||\u00bb header_3_text_color=\u00bb#236193&#8243; header_5_font=\u00bb||||||||\u00bb header_5_text_color=\u00bb#236193&#8243; custom_margin=\u00bb||30px\u00bb text_font_size_tablet=\u00bb16px\u00bb text_font_size_phone=\u00bb14px\u00bb text_font_size_last_edited=\u00bbon|phone\u00bb text_line_height_tablet=\u00bb\u00bb text_line_height_phone=\u00bb1.8em\u00bb text_line_height_last_edited=\u00bbon|phone\u00bb header_3_font_size_tablet=\u00bb20px\u00bb header_3_font_size_phone=\u00bb\u00bb header_3_font_size_last_edited=\u00bbon|phone\u00bb header_5_font_size_tablet=\u00bb\u00bb header_5_font_size_phone=\u00bb12px\u00bb header_5_font_size_last_edited=\u00bbon|phone\u00bb header_5_line_height_tablet=\u00bb\u00bb header_5_line_height_phone=\u00bb\u00bb header_5_line_height_last_edited=\u00bbon|phone\u00bb]<\/p>\n<h5>Serie: Objetos<\/h5>\n<h5>T\u00e9cnica: Cartapesta<\/h5>\n<h5>Medidas: 15 x 23 cm<\/h5>\n<h5>A\u00f1o: 2004<\/h5>\n<p>&nbsp;<\/p>\n<p>&nbsp;<\/p>\n<p>M\u00e1scara realizada en cartapesta con la t\u00e9cnica de modelado de papel y cola sobre molde de yeso.<\/p>\n<p>El positivo en cartapesta es recubierto con una mezcla de cola, pintura y aserr\u00edn, lo que le da la rugosidad caracter\u00edstica de la piedra sin pulir.<\/p>\n<p>Luego, con un tono m\u00e1s claro que el colocado en la base, se aplican las luces en los rasgos sobresalientes.<\/p>\n<p>&nbsp;<\/p>\n<p>[\/et_pb_text][et_pb_text _builder_version=\u00bb3.19.17&#8243; text_font=\u00bb|700|||||||\u00bb text_text_color=\u00bb#000000&#8243; background_color=\u00bbrgba(224,153,0,0.48)\u00bb text_orientation=\u00bbcenter\u00bb max_width=\u00bb45%\u00bb max_width_tablet=\u00bb40%\u00bb max_width_phone=\u00bb55%\u00bb max_width_last_edited=\u00bbon|phone\u00bb module_alignment=\u00bbleft\u00bb text_font_size_tablet=\u00bb\u00bb text_font_size_phone=\u00bb10px\u00bb text_font_size_last_edited=\u00bbon|tablet\u00bb global_module=\u00bb2559&#8243;]<\/p>\n<p>NO DISPONIBLE PARA VENTA<\/p>\n<p>[\/et_pb_text][et_pb_text _builder_version=\u00bb4.5.6&#8243; text_font=\u00bb||||||||\u00bb text_text_color=\u00bb#9b9b9b\u00bb custom_margin=\u00bb50px||\u00bb custom_margin_tablet=\u00bb30px||\u00bb custom_margin_phone=\u00bb\u00bb custom_margin_last_edited=\u00bbon|phone\u00bb link_option_url=\u00bbhttps:\/\/www.giselagarciagleria.com.ar\/objetos\/\u00bb locked=\u00bboff\u00bb text_text_color__hover_enabled=\u00bbon\u00bb text_text_color__hover=\u00bb#e09900&#8243;]<\/p>\n<p><strong>&lt; Volver al CAT\u00c1LOGO<\/strong><\/p>\n<p>[\/et_pb_text][\/et_pb_column][\/et_pb_row][et_pb_row _builder_version=\u00bb3.25&#8243; custom_padding=\u00bb0|0px|23px|0px|false|false\u00bb][et_pb_column type=\u00bb4_4&#8243; _builder_version=\u00bb3.25&#8243; custom_padding=\u00bb|||\u00bb custom_padding__hover=\u00bb|||\u00bb][et_pb_post_nav in_same_term=\u00bbon\u00bb prev_text=\u00bbANTERIOR\u00bb next_text=\u00bbSIGUIENTE\u00bb _builder_version=\u00bb3.19.17&#8243; title_font=\u00bb|600|||||||\u00bb title_font_size_tablet=\u00bb\u00bb title_font_size_phone=\u00bb12px\u00bb title_font_size_last_edited=\u00bbon|desktop\u00bb][\/et_pb_post_nav][\/et_pb_column][\/et_pb_row][\/et_pb_section]<\/p>\n","protected":false},"excerpt":{"rendered":"<p>Serie: Objetos T\u00e9cnica: Cartapesta Medidas: 15 x 23 cm A\u00f1o: 2004 &nbsp; &nbsp; M\u00e1scara realizada en cartapesta con la t\u00e9cnica de modelado de papel y cola sobre molde de yeso. El positivo en cartapesta es recubierto con una mezcla de cola, pintura y aserr\u00edn, lo que le da la rugosidad caracter\u00edstica de la piedra sin [&hellip;]<\/p>\n","protected":false},"author":1,"featured_media":7902,"template":"","meta":{"_et_pb_use_builder":"on","_et_pb_old_content":"","_et_gb_content_width":"","footnotes":""},"project_category":[75],"project_tag":[],"class_list":["post-7951","project","type-project","status-publish","has-post-thumbnail","hentry","project_category-objetos"],"a3_pvc":{"activated":false,"total_views":7,"today_views":0},"_links":{"self":[{"href":"https:\/\/www.giselagarciagleria.com.ar\/en\/wp-json\/wp\/v2\/project\/7951","targetHints":{"allow":["GET"]}}],"collection":[{"href":"https:\/\/www.giselagarciagleria.com.ar\/en\/wp-json\/wp\/v2\/project"}],"about":[{"href":"https:\/\/www.giselagarciagleria.com.ar\/en\/wp-json\/wp\/v2\/types\/project"}],"author":[{"embeddable":true,"href":"https:\/\/www.giselagarciagleria.com.ar\/en\/wp-json\/wp\/v2\/users\/1"}],"version-history":[{"count":0,"href":"https:\/\/www.giselagarciagleria.com.ar\/en\/wp-json\/wp\/v2\/project\/7951\/revisions"}],"wp:featuredmedia":[{"embeddable":true,"href":"https:\/\/www.giselagarciagleria.com.ar\/en\/wp-json\/wp\/v2\/media\/7902"}],"wp:attachment":[{"href":"https:\/\/www.giselagarciagleria.com.ar\/en\/wp-json\/wp\/v2\/media?parent=7951"}],"wp:term":[{"taxonomy":"project_category","embeddable":true,"href":"https:\/\/www.giselagarciagleria.com.ar\/en\/wp-json\/wp\/v2\/project_category?post=7951"},{"taxonomy":"project_tag","embeddable":true,"href":"https:\/\/www.giselagarciagleria.com.ar\/en\/wp-json\/wp\/v2\/project_tag?post=7951"}],"curies":[{"name":"wp","href":"https:\/\/api.w.org\/{rel}","templated":true}]}}