{"id":9191,"date":"2021-06-02T14:17:56","date_gmt":"2021-06-02T17:17:56","guid":{"rendered":"https:\/\/www.giselagarciagleria.com.ar\/?post_type=project&#038;p=9191"},"modified":"2021-06-02T14:22:31","modified_gmt":"2021-06-02T17:22:31","slug":"el-final-de-un-viaje-epico","status":"publish","type":"project","link":"https:\/\/www.giselagarciagleria.com.ar\/en\/project\/el-final-de-un-viaje-epico\/","title":{"rendered":"The end of an epic journey"},"content":{"rendered":"<p>[et_pb_section fb_built=\u00bb1&#8243; inner_shadow=\u00bbon\u00bb _builder_version=\u00bb3.22&#8243; custom_padding=\u00bb15px|0px|0|0px|false|false\u00bb box_shadow_style=\u00bbpreset6&#8243;][et_pb_row _builder_version=\u00bb3.25&#8243; custom_padding=\u00bb0|0px|23px|0px|false|false\u00bb][et_pb_column type=\u00bb4_4&#8243; _builder_version=\u00bb3.25&#8243; custom_padding=\u00bb|||\u00bb custom_padding__hover=\u00bb|||\u00bb][et_pb_post_nav in_same_term=\u00bbon\u00bb prev_text=\u00bbANTERIOR\u00bb next_text=\u00bbSIGUIENTE\u00bb _builder_version=\u00bb3.19.17&#8243; title_font=\u00bb|600|||||||\u00bb title_font_size_tablet=\u00bb\u00bb title_font_size_phone=\u00bb12px\u00bb title_font_size_last_edited=\u00bbon|desktop\u00bb][\/et_pb_post_nav][\/et_pb_column][\/et_pb_row][et_pb_row _builder_version=\u00bb3.25&#8243; custom_padding=\u00bb38.05px|0px|0|0px|false|false\u00bb][et_pb_column type=\u00bb4_4&#8243; _builder_version=\u00bb3.25&#8243; custom_padding=\u00bb|||\u00bb custom_padding__hover=\u00bb|||\u00bb][et_pb_post_title author=\u00bboff\u00bb date=\u00bboff\u00bb comments=\u00bboff\u00bb featured_image=\u00bboff\u00bb _builder_version=\u00bb3.19.17&#8243; title_font=\u00bb|600|||||||\u00bb title_text_color=\u00bb#a5457f\u00bb title_font_size=\u00bb30px\u00bb title_font_size_tablet=\u00bb24px\u00bb title_font_size_phone=\u00bb22px\u00bb title_font_size_last_edited=\u00bbon|phone\u00bb title_text_shadow_style=\u00bbpreset2&#8243;][\/et_pb_post_title][\/et_pb_column][\/et_pb_row][et_pb_row column_structure=\u00bb1_2,1_2&#8243; _builder_version=\u00bb4.5.3&#8243; module_alignment=\u00bbcenter\u00bb custom_padding=\u00bb38.05px|0px|60px|0px|false|false\u00bb][et_pb_column type=\u00bb1_2&#8243; _builder_version=\u00bb3.25&#8243; custom_padding=\u00bb|||\u00bb custom_padding__hover=\u00bb|||\u00bb][et_pb_image src=\u00bbhttps:\/\/www.giselagarciagleria.com.ar\/wp-content\/uploads\/2021\/06\/El-final-de-un-viaje-epico.jpg\u00bb alt=\u00bbEl final de un viaje \u00e9pico\u00bb title_text=\u00bbEl final de un viaje \u00e9pico\u00bb _builder_version=\u00bb4.9.4&#8243; _module_preset=\u00bbdefault\u00bb hover_enabled=\u00bb0&#8243; box_shadow_style=\u00bbpreset3&#8243; box_shadow_blur=\u00bb8px\u00bb sticky_enabled=\u00bb0&#8243;][\/et_pb_image][\/et_pb_column][et_pb_column type=\u00bb1_2&#8243; _builder_version=\u00bb3.25&#8243; custom_padding=\u00bb|||\u00bb custom_padding__hover=\u00bb|||\u00bb][et_pb_text _builder_version=\u00bb4.9.4&#8243; text_font=\u00bb||||||||\u00bb text_text_color=\u00bb#000000&#8243; text_font_size=\u00bb16px\u00bb header_font=\u00bb||||||||\u00bb header_text_color=\u00bb#0c71c3&#8243; header_3_font=\u00bb||||||||\u00bb header_3_text_color=\u00bb#236193&#8243; header_5_font=\u00bb||||||||\u00bb header_5_text_color=\u00bb#236193&#8243; custom_margin=\u00bb||30px\u00bb hover_enabled=\u00bb0&#8243; text_font_size_tablet=\u00bb16px\u00bb text_font_size_phone=\u00bb14px\u00bb text_font_size_last_edited=\u00bbon|phone\u00bb text_line_height_tablet=\u00bb\u00bb text_line_height_phone=\u00bb1.8em\u00bb text_line_height_last_edited=\u00bbon|phone\u00bb header_3_font_size_tablet=\u00bb20px\u00bb header_3_font_size_phone=\u00bb\u00bb header_3_font_size_last_edited=\u00bbon|phone\u00bb header_5_font_size_tablet=\u00bb\u00bb header_5_font_size_phone=\u00bb12px\u00bb header_5_font_size_last_edited=\u00bbon|phone\u00bb header_5_line_height_tablet=\u00bb\u00bb header_5_line_height_phone=\u00bb\u00bb header_5_line_height_last_edited=\u00bbon|phone\u00bb sticky_enabled=\u00bb0&#8243;]<\/p>\n<h5>Serie: Esp\u00edritu del Mar<\/h5>\n<h5>T\u00e9cnica: Acr\u00edlico sobre tela<\/h5>\n<h5>Medidas: 50 x 40 cm<\/h5>\n<h5>A\u00f1o: 2021<\/h5>\n<p>&nbsp;<\/p>\n<p><em>Inspirada en una fotograf\u00eda de <a href=\"@atlanticcampeign\">Atlantic Campeign<\/a> publicada por The MacLean Brothers y enviada gentilmente por Carsten Herston del Talisker Whiskey Atlantic Challenge.<br \/><\/em><\/p>\n<p>&nbsp;<\/p>\n<p>El equipo BROAR tard\u00f3 35 d\u00edas en llegar a Antigua desde La Gomera, despu\u00e9s de remar 3000 millas a trav\u00e9s del Oc\u00e9ano Atl\u00e1ntico para el Talisker Whisky Atlantic Challenge.<br \/>Son los primeros tres hermanos en remar en cualquier oc\u00e9ano, el tr\u00edo m\u00e1s joven en remar en el Oc\u00e9ano Atl\u00e1ntico y el tr\u00edo m\u00e1s r\u00e1pido en cruzar el Oc\u00e9ano Atl\u00e1ntico.<\/p>\n<p>Mientras remaban hacia los libros de r\u00e9cords, recaudaron fondos para dos causas importantes Feedback Madagascar y Children 1st con su gran iniciativa: Whisky for Water. <br \/>Felicitaciones a los hermanos MacLean y a todas las personas que fueron parte de ese sue\u00f1o.<\/p>\n<p>&nbsp;<\/p>\n<p>&nbsp;<\/p>\n<p>[\/et_pb_text][et_pb_text _builder_version=\u00bb4.7.7&#8243; text_font=\u00bb||||||||\u00bb text_text_color=\u00bb#9b9b9b\u00bb custom_margin=\u00bb50px||\u00bb custom_margin_tablet=\u00bb30px||\u00bb custom_margin_phone=\u00bb\u00bb custom_margin_last_edited=\u00bbon|phone\u00bb link_option_url=\u00bbhttps:\/\/www.giselagarciagleria.com.ar\/espiritu-del-mar\/\u00bb locked=\u00bboff\u00bb text_text_color__hover_enabled=\u00bbon\u00bb text_text_color__hover=\u00bb#e09900&#8243;]<\/p>\n<p><strong>&lt; Volver al CAT\u00c1LOGO<\/strong><\/p>\n<p>[\/et_pb_text][\/et_pb_column][\/et_pb_row][et_pb_row _builder_version=\u00bb3.25&#8243; custom_padding=\u00bb0|0px|23px|0px|false|false\u00bb][et_pb_column type=\u00bb4_4&#8243; _builder_version=\u00bb3.25&#8243; custom_padding=\u00bb|||\u00bb custom_padding__hover=\u00bb|||\u00bb][et_pb_post_nav in_same_term=\u00bbon\u00bb prev_text=\u00bbANTERIOR\u00bb next_text=\u00bbSIGUIENTE\u00bb _builder_version=\u00bb3.19.17&#8243; title_font=\u00bb|600|||||||\u00bb title_font_size_tablet=\u00bb\u00bb title_font_size_phone=\u00bb12px\u00bb title_font_size_last_edited=\u00bbon|desktop\u00bb][\/et_pb_post_nav][\/et_pb_column][\/et_pb_row][\/et_pb_section]<\/p>\n","protected":false},"excerpt":{"rendered":"<p>Serie: Esp\u00edritu del Mar T\u00e9cnica: Acr\u00edlico sobre tela Medidas: 50 x 40 cm A\u00f1o: 2021 &nbsp; Inspirada en una fotograf\u00eda de Atlantic Campeign publicada por The MacLean Brothers y enviada gentilmente por Carsten Herston del Talisker Whiskey Atlantic Challenge. &nbsp; El equipo BROAR tard\u00f3 35 d\u00edas en llegar a Antigua desde La Gomera, despu\u00e9s de [&hellip;]<\/p>\n","protected":false},"author":1,"featured_media":9192,"template":"","meta":{"_et_pb_use_builder":"on","_et_pb_old_content":"","_et_gb_content_width":"","footnotes":""},"project_category":[77],"project_tag":[],"class_list":["post-9191","project","type-project","status-publish","has-post-thumbnail","hentry","project_category-espiritu-del-mar"],"a3_pvc":{"activated":false,"total_views":2,"today_views":0},"_links":{"self":[{"href":"https:\/\/www.giselagarciagleria.com.ar\/en\/wp-json\/wp\/v2\/project\/9191","targetHints":{"allow":["GET"]}}],"collection":[{"href":"https:\/\/www.giselagarciagleria.com.ar\/en\/wp-json\/wp\/v2\/project"}],"about":[{"href":"https:\/\/www.giselagarciagleria.com.ar\/en\/wp-json\/wp\/v2\/types\/project"}],"author":[{"embeddable":true,"href":"https:\/\/www.giselagarciagleria.com.ar\/en\/wp-json\/wp\/v2\/users\/1"}],"version-history":[{"count":0,"href":"https:\/\/www.giselagarciagleria.com.ar\/en\/wp-json\/wp\/v2\/project\/9191\/revisions"}],"wp:featuredmedia":[{"embeddable":true,"href":"https:\/\/www.giselagarciagleria.com.ar\/en\/wp-json\/wp\/v2\/media\/9192"}],"wp:attachment":[{"href":"https:\/\/www.giselagarciagleria.com.ar\/en\/wp-json\/wp\/v2\/media?parent=9191"}],"wp:term":[{"taxonomy":"project_category","embeddable":true,"href":"https:\/\/www.giselagarciagleria.com.ar\/en\/wp-json\/wp\/v2\/project_category?post=9191"},{"taxonomy":"project_tag","embeddable":true,"href":"https:\/\/www.giselagarciagleria.com.ar\/en\/wp-json\/wp\/v2\/project_tag?post=9191"}],"curies":[{"name":"wp","href":"https:\/\/api.w.org\/{rel}","templated":true}]}}