{"id":9601,"date":"2022-05-07T12:26:01","date_gmt":"2022-05-07T15:26:01","guid":{"rendered":"https:\/\/www.giselagarciagleria.com.ar\/?post_type=project&#038;p=9601"},"modified":"2022-05-08T19:54:59","modified_gmt":"2022-05-08T22:54:59","slug":"el-despertar-de-un-fantasma","status":"publish","type":"project","link":"https:\/\/www.giselagarciagleria.com.ar\/en\/project\/el-despertar-de-un-fantasma\/","title":{"rendered":"The awakening of a ghost"},"content":{"rendered":"<p>[et_pb_section fb_built=\u00bb1&#8243; inner_shadow=\u00bbon\u00bb _builder_version=\u00bb4.16&#8243; custom_padding=\u00bb15px|0px|0|0px|false|false\u00bb box_shadow_style=\u00bbpreset6&#8243; global_colors_info=\u00bb{}\u00bb][et_pb_row _builder_version=\u00bb4.16&#8243; custom_padding=\u00bb0|0px|23px|0px|false|false\u00bb global_colors_info=\u00bb{}\u00bb][et_pb_column type=\u00bb4_4&#8243; _builder_version=\u00bb4.16&#8243; custom_padding=\u00bb|||\u00bb global_colors_info=\u00bb{}\u00bb custom_padding__hover=\u00bb|||\u00bb][et_pb_post_nav in_same_term=\u00bbon\u00bb prev_text=\u00bbANTERIOR\u00bb next_text=\u00bbSIGUIENTE\u00bb _builder_version=\u00bb4.16&#8243; title_font=\u00bb|600|||||||\u00bb title_font_size_tablet=\u00bb\u00bb title_font_size_phone=\u00bb12px\u00bb title_font_size_last_edited=\u00bbon|desktop\u00bb global_colors_info=\u00bb{}\u00bb][\/et_pb_post_nav][\/et_pb_column][\/et_pb_row][et_pb_row _builder_version=\u00bb4.16&#8243; custom_padding=\u00bb38.05px|0px|0|0px|false|false\u00bb global_colors_info=\u00bb{}\u00bb][et_pb_column type=\u00bb4_4&#8243; _builder_version=\u00bb4.16&#8243; custom_padding=\u00bb|||\u00bb global_colors_info=\u00bb{}\u00bb custom_padding__hover=\u00bb|||\u00bb][et_pb_post_title author=\u00bboff\u00bb date=\u00bboff\u00bb comments=\u00bboff\u00bb featured_image=\u00bboff\u00bb _builder_version=\u00bb4.16&#8243; title_font=\u00bb|600|||||||\u00bb title_text_color=\u00bb#a5457f\u00bb title_font_size=\u00bb30px\u00bb title_font_size_tablet=\u00bb24px\u00bb title_font_size_phone=\u00bb22px\u00bb title_font_size_last_edited=\u00bbon|phone\u00bb title_text_shadow_style=\u00bbpreset2&#8243; global_colors_info=\u00bb{}\u00bb][\/et_pb_post_title][\/et_pb_column][\/et_pb_row][et_pb_row column_structure=\u00bb1_2,1_2&#8243; _builder_version=\u00bb4.16&#8243; module_alignment=\u00bbcenter\u00bb custom_padding=\u00bb38.05px|0px|60px|0px|false|false\u00bb global_colors_info=\u00bb{}\u00bb][et_pb_column type=\u00bb1_2&#8243; _builder_version=\u00bb4.16&#8243; custom_padding=\u00bb|||\u00bb global_colors_info=\u00bb{}\u00bb custom_padding__hover=\u00bb|||\u00bb][et_pb_image src=\u00bbhttps:\/\/www.giselagarciagleria.com.ar\/wp-content\/uploads\/2022\/05\/El-despertar-de-un-fantasma.jpg\u00bb alt=\u00bbEl despertar de un fantasma\u00bb title_text=\u00bbEl despertar de un fantasma\u00bb _builder_version=\u00bb4.17.3&#8243; _module_preset=\u00bbdefault\u00bb hover_enabled=\u00bb0&#8243; box_shadow_style=\u00bbpreset3&#8243; box_shadow_blur=\u00bb8px\u00bb global_colors_info=\u00bb{}\u00bb sticky_enabled=\u00bb0&#8243;][\/et_pb_image][\/et_pb_column][et_pb_column type=\u00bb1_2&#8243; _builder_version=\u00bb4.16&#8243; custom_padding=\u00bb|||\u00bb global_colors_info=\u00bb{}\u00bb custom_padding__hover=\u00bb|||\u00bb][et_pb_text _builder_version=\u00bb4.17.3&#8243; text_font=\u00bb||||||||\u00bb text_text_color=\u00bb#000000&#8243; text_font_size=\u00bb16px\u00bb header_font=\u00bb||||||||\u00bb header_text_color=\u00bb#0c71c3&#8243; header_3_font=\u00bb||||||||\u00bb header_3_text_color=\u00bb#236193&#8243; header_5_font=\u00bb||||||||\u00bb header_5_text_color=\u00bb#236193&#8243; custom_margin=\u00bb||30px\u00bb hover_enabled=\u00bb0&#8243; text_font_size_tablet=\u00bb16px\u00bb text_font_size_phone=\u00bb14px\u00bb text_font_size_last_edited=\u00bbon|phone\u00bb text_line_height_tablet=\u00bb\u00bb text_line_height_phone=\u00bb1.8em\u00bb text_line_height_last_edited=\u00bbon|phone\u00bb header_3_font_size_tablet=\u00bb20px\u00bb header_3_font_size_phone=\u00bb\u00bb header_3_font_size_last_edited=\u00bbon|phone\u00bb header_5_font_size_tablet=\u00bb\u00bb header_5_font_size_phone=\u00bb12px\u00bb header_5_font_size_last_edited=\u00bbon|phone\u00bb header_5_line_height_tablet=\u00bb\u00bb header_5_line_height_phone=\u00bb\u00bb header_5_line_height_last_edited=\u00bbon|phone\u00bb global_colors_info=\u00bb{}\u00bb sticky_enabled=\u00bb0&#8243;]<\/p>\n<h5>Serie: Mundo del Whisky<\/h5>\n<h5>T\u00e9cnica: Acr\u00edlico sobre tela<\/h5>\n<h5>Medidas: 40 x 40 cm<\/h5>\n<h5>A\u00f1o: 2022<\/h5>\n<p>&nbsp;<\/p>\n<p><em>Inspirado en una fotograf\u00eda de @Andrew Flat<br \/><\/em><\/p>\n<p>&nbsp;<\/p>\n<p>La destiler\u00eda Brora, suspendida en el tiempo durante 38 a\u00f1os, despert\u00f3 en 2021, despu\u00e9s de tres a\u00f1os de meticulosa restauraci\u00f3n.<br \/>El mito de una leyenda que se mantiene viva solo gracias a los cuentos susurrados de los h\u00e1biles artesanos de Brora, transmitidos de generaci\u00f3n en generaci\u00f3n.<\/p>\n<p>[\/et_pb_text][et_pb_text _builder_version=\u00bb4.16&#8243; text_font=\u00bb||||||||\u00bb text_text_color=\u00bb#9b9b9b\u00bb custom_margin=\u00bb50px||\u00bb custom_margin_tablet=\u00bb30px||\u00bb custom_margin_phone=\u00bb\u00bb custom_margin_last_edited=\u00bbon|phone\u00bb link_option_url=\u00bbhttps:\/\/www.giselagarciagleria.com.ar\/mundo-del-whisky\/\u00bb locked=\u00bboff\u00bb global_colors_info=\u00bb{}\u00bb text_text_color__hover_enabled=\u00bbon\u00bb text_text_color__hover=\u00bb#e09900&#8243;]<\/p>\n<p><strong>&lt; Volver al CAT\u00c1LOGO<\/strong><\/p>\n<p>[\/et_pb_text][\/et_pb_column][\/et_pb_row][et_pb_row _builder_version=\u00bb4.16&#8243; custom_padding=\u00bb0|0px|23px|0px|false|false\u00bb global_colors_info=\u00bb{}\u00bb][et_pb_column type=\u00bb4_4&#8243; _builder_version=\u00bb4.16&#8243; custom_padding=\u00bb|||\u00bb global_colors_info=\u00bb{}\u00bb custom_padding__hover=\u00bb|||\u00bb][et_pb_post_nav in_same_term=\u00bbon\u00bb prev_text=\u00bbANTERIOR\u00bb next_text=\u00bbSIGUIENTE\u00bb _builder_version=\u00bb4.16&#8243; title_font=\u00bb|600|||||||\u00bb title_font_size_tablet=\u00bb\u00bb title_font_size_phone=\u00bb12px\u00bb title_font_size_last_edited=\u00bbon|desktop\u00bb global_colors_info=\u00bb{}\u00bb][\/et_pb_post_nav][\/et_pb_column][\/et_pb_row][\/et_pb_section]<\/p>\n","protected":false},"excerpt":{"rendered":"<p>Serie: Mundo del Whisky T\u00e9cnica: Acr\u00edlico sobre tela Medidas: 40 x 40 cm A\u00f1o: 2022 &nbsp; Inspirado en una fotograf\u00eda de @Andrew Flat &nbsp; La destiler\u00eda Brora, suspendida en el tiempo durante 38 a\u00f1os, despert\u00f3 en 2021, despu\u00e9s de tres a\u00f1os de meticulosa restauraci\u00f3n.El mito de una leyenda que se mantiene viva solo gracias a [&hellip;]<\/p>\n","protected":false},"author":1,"featured_media":9576,"template":"","meta":{"_et_pb_use_builder":"on","_et_pb_old_content":"","_et_gb_content_width":"","footnotes":""},"project_category":[76],"project_tag":[],"class_list":["post-9601","project","type-project","status-publish","has-post-thumbnail","hentry","project_category-mundo-del-whisky"],"a3_pvc":{"activated":false,"total_views":7,"today_views":0},"_links":{"self":[{"href":"https:\/\/www.giselagarciagleria.com.ar\/en\/wp-json\/wp\/v2\/project\/9601","targetHints":{"allow":["GET"]}}],"collection":[{"href":"https:\/\/www.giselagarciagleria.com.ar\/en\/wp-json\/wp\/v2\/project"}],"about":[{"href":"https:\/\/www.giselagarciagleria.com.ar\/en\/wp-json\/wp\/v2\/types\/project"}],"author":[{"embeddable":true,"href":"https:\/\/www.giselagarciagleria.com.ar\/en\/wp-json\/wp\/v2\/users\/1"}],"version-history":[{"count":0,"href":"https:\/\/www.giselagarciagleria.com.ar\/en\/wp-json\/wp\/v2\/project\/9601\/revisions"}],"wp:featuredmedia":[{"embeddable":true,"href":"https:\/\/www.giselagarciagleria.com.ar\/en\/wp-json\/wp\/v2\/media\/9576"}],"wp:attachment":[{"href":"https:\/\/www.giselagarciagleria.com.ar\/en\/wp-json\/wp\/v2\/media?parent=9601"}],"wp:term":[{"taxonomy":"project_category","embeddable":true,"href":"https:\/\/www.giselagarciagleria.com.ar\/en\/wp-json\/wp\/v2\/project_category?post=9601"},{"taxonomy":"project_tag","embeddable":true,"href":"https:\/\/www.giselagarciagleria.com.ar\/en\/wp-json\/wp\/v2\/project_tag?post=9601"}],"curies":[{"name":"wp","href":"https:\/\/api.w.org\/{rel}","templated":true}]}}